{"id":4809433,"date":"2026-04-30T15:00:54","date_gmt":"2026-04-30T15:00:54","guid":{"rendered":"https:\/\/richard-vacances-de.com\/V3\/?post_type=listing&#038;p=4809433"},"modified":"2026-04-30T15:00:54","modified_gmt":"2026-04-30T15:00:54","slug":"villa-8607-633","status":"publish","type":"property","link":"https:\/\/richard-vacances-de.com\/V3\/index.php\/bien\/villa-8607-633\/","title":{"rendered":"Villa ( ref. 8607)"},"content":{"rendered":"<p>NEUHEIT JUNI 2025!!!<\/p>\n<p>SCH\u00d6NE ARCHITEKTENVILLA (gebaut 2016) auf einem 900 m?2 gro\u00dfen Garten mit beheiztem Pool, nur wenige Schritte von den beliebten Spots in Pors Carn (Strand, Surfschulen, Strandrestaurants) entfernt, in einer ruhigen Sackgasse.<\/p>\n<p>EXZELLENTE MIETIMMOBILIE, komfortabel, im Herzen des \u201eaufstrebenden\u201c Gebiets&#8230; Ein besonderes Highlight: ein sch\u00f6ner beheizter Pool (3,5 m x 10 m), von Mai bis Oktober verf\u00fcgbar, gesch\u00fctzt durch eine Abdeckung.<\/p>\n<p>Erdgeschoss:<\/p>\n<p>Gro\u00dfes Wohnzimmer, das sich zur Terrasse und zum Garten \u00f6ffnet \u2013 mit einer voll ausgestatteten K\u00fcche<\/p>\n<p>1 Elternsuite (1 x Doppelbett 160 x 200) mit eigenem Duschbad und separatem WC<\/p>\n<p>1 Schlafzimmer mit Doppelbett (160 x 200) und eigenem Duschbad<\/p>\n<p>Obergeschoss:<\/p>\n<p>1 Schlafzimmer mit Doppelbett (160 x 200) und eigenem Duschbad<\/p>\n<p>1 Schlafzimmer mit Doppelbett (160 x 200)<\/p>\n<p>Badezimmer<\/p>\n<p>WC<\/p>\n<p>2 Erwachsenen-Fahrr\u00e4der und 2 Kinder-Fahrr\u00e4der stehen zur Verf\u00fcgung, auf eigene Verantwortung der Mieter.<br \/>\nBitte beachten Sie, dass ein Raum (der linke Fl\u00fcgel im Obergeschoss \u2013 Westseite) geschlossen ist.<\/p>\n","protected":false},"excerpt":{"rendered":"<p>NEUHEIT JUNI 2025!!!<\/p>\n<p>SCH\u00d6NE ARCHITEKTENVILLA (gebaut 2016) auf einem 900 m?2 gro\u00dfen Garten mit be&#8230;<\/p>\n","protected":false},"author":2,"featured_media":4809434,"parent":0,"menu_order":0,"template":"","property_type":[131],"property_status":[157],"property_feature":[],"property_label":[],"property_city":[182],"property_area":[],"class_list":["post-4809433","property","type-property","status-publish","has-post-thumbnail","hentry","property_type-villa","property_status-ferienvermietung","property_city-penmarch"],"property_meta":{"fave_property_id":["8607"],"fave_property_price":["1715"],"fave_periodicite":["semaine"],"fave_property_bedrooms":["8"],"fave_fiche_dispo":["8607"],"fave_featured":["0"],"fave_agent_display_option":["agent_info"],"fave_agents":["156"],"fave_semaine_dispo_21_2026":["O"],"fave_semaine_dispo_31_2026":["O"],"fave_semaine_dispo_36_2026":["O"],"fave_semaine_dispo_37_2026":["O"],"fave_semaine_dispo_38_2026":["O"],"fave_semaine_dispo_39_2026":["O"],"fave_semaine_dispo_40_2026":["O"],"fave_semaine_dispo_41_2026":["O"],"fave_semaine_dispo_42_2026":["O"],"fave_semaine_dispo_43_2026":["O"],"fave_semaine_dispo_09_2027":["O"],"fave_semaine_dispo_10_2027":["O"],"fave_semaine_dispo_11_2027":["O"],"fave_semaine_dispo_12_2027":["O"],"fave_semaine_dispo_13_2027":["O"],"fave_semaine_dispo_14_2027":["O"],"fave_semaine_dispo_15_2027":["O"],"fave_semaine_dispo_16_2027":["O"],"fave_semaine_dispo_17_2027":["O"],"fave_semaine_dispo_18_2027":["O"],"post_id:4809433":[""],"_thumbnail_id":["4809434"],"fave_property_images":["4809434","4809435","4809436","4809437","4809438","4809439","4809440","4809441","4809442","4809443","4809444","4809445","4809446","4809447","4809448","4809449","4809450","4809451","4809452","4809453","4809454","4809455","4809456","4809457","4809458"],"houzez_total_property_views":["2"],"houzez_views_by_date":["a:1:{s:10:\"05-01-2026\";i:2;}"],"houzez_recently_viewed":["2026-05-01 08:43:07"]},"yoast_head":"<!-- This site is optimized with the Yoast SEO plugin v17.9 - https:\/\/yoast.com\/wordpress\/plugins\/seo\/ -->\n<title>Villa ( ref. 8607) - Richard Vacances<\/title>\n<meta name=\"robots\" content=\"index, follow, max-snippet:-1, max-image-preview:large, max-video-preview:-1\" \/>\n<link rel=\"canonical\" href=\"https:\/\/richard-vacances-de.com\/V3\/index.php\/bien\/villa-8607-633\/\" \/>\n<meta property=\"og:locale\" content=\"fr_FR\" \/>\n<meta property=\"og:type\" content=\"article\" \/>\n<meta property=\"og:title\" content=\"Villa ( ref. 8607) - Richard Vacances\" \/>\n<meta property=\"og:description\" content=\"NEUHEIT JUNI 2025!!! SCH\u00d6NE ARCHITEKTENVILLA (gebaut 2016) auf einem 900 m?2 gro\u00dfen Garten mit be...\" \/>\n<meta property=\"og:url\" content=\"https:\/\/richard-vacances-de.com\/V3\/index.php\/bien\/villa-8607-633\/\" \/>\n<meta property=\"og:site_name\" content=\"Richard Vacances\" \/>\n<meta property=\"og:image\" content=\"https:\/\/richard-vacances-de.com\/V3\/wp-content\/uploads\/2022\/01\/bba25977a51f3b42326dd17c972fcecf-1067x800JPG\" \/>\n\t<meta property=\"og:image:width\" content=\"1067\" \/>\n\t<meta property=\"og:image:height\" content=\"800\" \/>\n\t<meta property=\"og:image:type\" content=\"image\/jpeg\" \/>\n<meta name=\"twitter:card\" content=\"summary_large_image\" \/>\n<meta name=\"twitter:label1\" content=\"Dur\u00e9e de lecture estim\u00e9e\" \/>\n\t<meta name=\"twitter:data1\" content=\"1 minute\" \/>\n<script type=\"application\/ld+json\" class=\"yoast-schema-graph\">{\"@context\":\"https:\/\/schema.org\",\"@graph\":[{\"@type\":\"WebSite\",\"@id\":\"https:\/\/richard-vacances-de.com\/V3\/#website\",\"url\":\"https:\/\/richard-vacances-de.com\/V3\/\",\"name\":\"Richard Vacances\",\"description\":\"Location de vacances en Bretagne\",\"potentialAction\":[{\"@type\":\"SearchAction\",\"target\":{\"@type\":\"EntryPoint\",\"urlTemplate\":\"https:\/\/richard-vacances-de.com\/V3\/?s={search_term_string}\"},\"query-input\":\"required name=search_term_string\"}],\"inLanguage\":\"fr-FR\"},{\"@type\":\"ImageObject\",\"@id\":\"https:\/\/richard-vacances-de.com\/V3\/index.php\/bien\/villa-8607-633\/#primaryimage\",\"inLanguage\":\"fr-FR\",\"url\":\"https:\/\/richard-vacances-de.com\/V3\/wp-content\/uploads\/2022\/01\/bba25977a51f3b42326dd17c972fcecf-1067x800JPG\",\"contentUrl\":\"https:\/\/richard-vacances-de.com\/V3\/wp-content\/uploads\/2022\/01\/bba25977a51f3b42326dd17c972fcecf-1067x800JPG\",\"width\":1067,\"height\":800},{\"@type\":\"WebPage\",\"@id\":\"https:\/\/richard-vacances-de.com\/V3\/index.php\/bien\/villa-8607-633\/#webpage\",\"url\":\"https:\/\/richard-vacances-de.com\/V3\/index.php\/bien\/villa-8607-633\/\",\"name\":\"Villa ( ref. 8607) - Richard Vacances\",\"isPartOf\":{\"@id\":\"https:\/\/richard-vacances-de.com\/V3\/#website\"},\"primaryImageOfPage\":{\"@id\":\"https:\/\/richard-vacances-de.com\/V3\/index.php\/bien\/villa-8607-633\/#primaryimage\"},\"datePublished\":\"2026-04-30T15:00:54+00:00\",\"dateModified\":\"2026-04-30T15:00:54+00:00\",\"breadcrumb\":{\"@id\":\"https:\/\/richard-vacances-de.com\/V3\/index.php\/bien\/villa-8607-633\/#breadcrumb\"},\"inLanguage\":\"fr-FR\",\"potentialAction\":[{\"@type\":\"ReadAction\",\"target\":[\"https:\/\/richard-vacances-de.com\/V3\/index.php\/bien\/villa-8607-633\/\"]}]},{\"@type\":\"BreadcrumbList\",\"@id\":\"https:\/\/richard-vacances-de.com\/V3\/index.php\/bien\/villa-8607-633\/#breadcrumb\",\"itemListElement\":[{\"@type\":\"ListItem\",\"position\":1,\"name\":\"Home\",\"item\":\"https:\/\/richard-vacances-de.com\/V3\/\"},{\"@type\":\"ListItem\",\"position\":2,\"name\":\"Propri\\u00e9t\\u00e9s\",\"item\":\"https:\/\/richard-vacances-de.com\/V3\/index.php\/bien\/\"},{\"@type\":\"ListItem\",\"position\":3,\"name\":\"Villa ( ref. 8607)\"}]}]}<\/script>\n<!-- \/ Yoast SEO plugin. -->","yoast_head_json":{"title":"Villa ( ref. 8607) - Richard Vacances","robots":{"index":"index","follow":"follow","max-snippet":"max-snippet:-1","max-image-preview":"max-image-preview:large","max-video-preview":"max-video-preview:-1"},"canonical":"https:\/\/richard-vacances-de.com\/V3\/index.php\/bien\/villa-8607-633\/","og_locale":"fr_FR","og_type":"article","og_title":"Villa ( ref. 8607) - Richard Vacances","og_description":"NEUHEIT JUNI 2025!!! SCH\u00d6NE ARCHITEKTENVILLA (gebaut 2016) auf einem 900 m?2 gro\u00dfen Garten mit be...","og_url":"https:\/\/richard-vacances-de.com\/V3\/index.php\/bien\/villa-8607-633\/","og_site_name":"Richard Vacances","og_image":[{"width":1067,"height":800,"url":"https:\/\/richard-vacances-de.com\/V3\/wp-content\/uploads\/2022\/01\/bba25977a51f3b42326dd17c972fcecf-1067x800JPG","type":"image\/jpeg"}],"twitter_card":"summary_large_image","twitter_misc":{"Dur\u00e9e de lecture estim\u00e9e":"1 minute"},"schema":{"@context":"https:\/\/schema.org","@graph":[{"@type":"WebSite","@id":"https:\/\/richard-vacances-de.com\/V3\/#website","url":"https:\/\/richard-vacances-de.com\/V3\/","name":"Richard Vacances","description":"Location de vacances en Bretagne","potentialAction":[{"@type":"SearchAction","target":{"@type":"EntryPoint","urlTemplate":"https:\/\/richard-vacances-de.com\/V3\/?s={search_term_string}"},"query-input":"required name=search_term_string"}],"inLanguage":"fr-FR"},{"@type":"ImageObject","@id":"https:\/\/richard-vacances-de.com\/V3\/index.php\/bien\/villa-8607-633\/#primaryimage","inLanguage":"fr-FR","url":"https:\/\/richard-vacances-de.com\/V3\/wp-content\/uploads\/2022\/01\/bba25977a51f3b42326dd17c972fcecf-1067x800JPG","contentUrl":"https:\/\/richard-vacances-de.com\/V3\/wp-content\/uploads\/2022\/01\/bba25977a51f3b42326dd17c972fcecf-1067x800JPG","width":1067,"height":800},{"@type":"WebPage","@id":"https:\/\/richard-vacances-de.com\/V3\/index.php\/bien\/villa-8607-633\/#webpage","url":"https:\/\/richard-vacances-de.com\/V3\/index.php\/bien\/villa-8607-633\/","name":"Villa ( ref. 8607) - Richard Vacances","isPartOf":{"@id":"https:\/\/richard-vacances-de.com\/V3\/#website"},"primaryImageOfPage":{"@id":"https:\/\/richard-vacances-de.com\/V3\/index.php\/bien\/villa-8607-633\/#primaryimage"},"datePublished":"2026-04-30T15:00:54+00:00","dateModified":"2026-04-30T15:00:54+00:00","breadcrumb":{"@id":"https:\/\/richard-vacances-de.com\/V3\/index.php\/bien\/villa-8607-633\/#breadcrumb"},"inLanguage":"fr-FR","potentialAction":[{"@type":"ReadAction","target":["https:\/\/richard-vacances-de.com\/V3\/index.php\/bien\/villa-8607-633\/"]}]},{"@type":"BreadcrumbList","@id":"https:\/\/richard-vacances-de.com\/V3\/index.php\/bien\/villa-8607-633\/#breadcrumb","itemListElement":[{"@type":"ListItem","position":1,"name":"Home","item":"https:\/\/richard-vacances-de.com\/V3\/"},{"@type":"ListItem","position":2,"name":"Propri\u00e9t\u00e9s","item":"https:\/\/richard-vacances-de.com\/V3\/index.php\/bien\/"},{"@type":"ListItem","position":3,"name":"Villa ( ref. 8607)"}]}]}},"_links":{"self":[{"href":"https:\/\/richard-vacances-de.com\/V3\/index.php\/wp-json\/wp\/v2\/properties\/4809433","targetHints":{"allow":["GET"]}}],"collection":[{"href":"https:\/\/richard-vacances-de.com\/V3\/index.php\/wp-json\/wp\/v2\/properties"}],"about":[{"href":"https:\/\/richard-vacances-de.com\/V3\/index.php\/wp-json\/wp\/v2\/types\/property"}],"author":[{"embeddable":true,"href":"https:\/\/richard-vacances-de.com\/V3\/index.php\/wp-json\/wp\/v2\/users\/2"}],"version-history":[{"count":0,"href":"https:\/\/richard-vacances-de.com\/V3\/index.php\/wp-json\/wp\/v2\/properties\/4809433\/revisions"}],"wp:featuredmedia":[{"embeddable":true,"href":"https:\/\/richard-vacances-de.com\/V3\/index.php\/wp-json\/wp\/v2\/media\/4809434"}],"wp:attachment":[{"href":"https:\/\/richard-vacances-de.com\/V3\/index.php\/wp-json\/wp\/v2\/media?parent=4809433"}],"wp:term":[{"taxonomy":"property_type","embeddable":true,"href":"https:\/\/richard-vacances-de.com\/V3\/index.php\/wp-json\/wp\/v2\/property_type?post=4809433"},{"taxonomy":"property_status","embeddable":true,"href":"https:\/\/richard-vacances-de.com\/V3\/index.php\/wp-json\/wp\/v2\/property_status?post=4809433"},{"taxonomy":"property_feature","embeddable":true,"href":"https:\/\/richard-vacances-de.com\/V3\/index.php\/wp-json\/wp\/v2\/property_feature?post=4809433"},{"taxonomy":"property_label","embeddable":true,"href":"https:\/\/richard-vacances-de.com\/V3\/index.php\/wp-json\/wp\/v2\/property_label?post=4809433"},{"taxonomy":"property_city","embeddable":true,"href":"https:\/\/richard-vacances-de.com\/V3\/index.php\/wp-json\/wp\/v2\/property_city?post=4809433"},{"taxonomy":"property_area","embeddable":true,"href":"https:\/\/richard-vacances-de.com\/V3\/index.php\/wp-json\/wp\/v2\/property_area?post=4809433"}],"curies":[{"name":"wp","href":"https:\/\/api.w.org\/{rel}","templated":true}]}}